{"id":11097,"date":"2025-09-09T11:51:45","date_gmt":"2025-09-09T09:51:45","guid":{"rendered":"https:\/\/circular.berlin\/?page_id=11097"},"modified":"2025-12-01T13:10:42","modified_gmt":"2025-12-01T11:10:42","slug":"get-involved","status":"publish","type":"page","link":"https:\/\/circular.berlin\/de\/get-involved\/","title":{"rendered":"Engagiere dich"},"content":{"rendered":"<div class=\"wp-block-group alignfull pos-relative has-global-padding is-layout-constrained wp-block-group-is-layout-constrained\" style=\"padding-top:var(--wp--preset--spacing--50)\">\n<div class=\"wp-block-columns alignwide are-vertically-aligned-center is-layout-flex wp-container-core-columns-is-layout-28f84493 wp-block-columns-is-layout-flex\">\n<div class=\"wp-block-column is-vertically-aligned-center z-3 is-layout-flow wp-block-column-is-layout-flow\">\n<h1 class=\"wp-block-heading\" style=\"font-style:normal;font-weight:500\">Der zirkul\u00e4re Wandel beginnt bei Ihnen.<\/h1>\n\n\n\n<p class=\"has-text-align-left has-medium-font-size\">Egal, ob Sie eine Einzelperson, ein Unternehmen oder eine \u00f6ffentliche Einrichtung sind, Sie m\u00fcssen beim Aufbau eines kreisf\u00f6rmigen Berlins eine Rolle spielen.<\/p>\n\n\n\n<p class=\"has-text-align-left has-medium-font-size\">Schlie\u00dfen Sie sich uns an, um Kontakte zu kn\u00fcpfen, zusammenzuarbeiten und an Projekten teilzunehmen, die Ideen in die Praxis und Visionen in reale L\u00f6sungen umsetzen.<\/p>\n<\/div>\n\n\n\n<div class=\"wp-block-column is-vertically-aligned-center z-1 is-layout-flow wp-block-column-is-layout-flow\">\n<figure class=\"wp-block-image size-large has-custom-border\"><img loading=\"lazy\" decoding=\"async\" width=\"1024\" height=\"582\" src=\"https:\/\/circular.berlin\/wp-content\/uploads\/2025\/09\/filipe-varela-1AfnsepVhJQ-unsplash-1-1024x582.jpg\" alt=\"\" class=\"wp-image-10880\" style=\"border-radius:15px;aspect-ratio:1;object-fit:cover\" srcset=\"https:\/\/circular.berlin\/wp-content\/uploads\/2025\/09\/filipe-varela-1AfnsepVhJQ-unsplash-1-1024x582.jpg 1024w, https:\/\/circular.berlin\/wp-content\/uploads\/2025\/09\/filipe-varela-1AfnsepVhJQ-unsplash-1-300x170.jpg 300w, https:\/\/circular.berlin\/wp-content\/uploads\/2025\/09\/filipe-varela-1AfnsepVhJQ-unsplash-1-768x436.jpg 768w, https:\/\/circular.berlin\/wp-content\/uploads\/2025\/09\/filipe-varela-1AfnsepVhJQ-unsplash-1-1536x873.jpg 1536w, https:\/\/circular.berlin\/wp-content\/uploads\/2025\/09\/filipe-varela-1AfnsepVhJQ-unsplash-1-18x10.jpg 18w, https:\/\/circular.berlin\/wp-content\/uploads\/2025\/09\/filipe-varela-1AfnsepVhJQ-unsplash-1.jpg 1920w\" sizes=\"auto, (max-width: 1024px) 100vw, 1024px\" \/><\/figure>\n<\/div>\n<\/div>\n\n\n\n<figure class=\"wp-block-image alignfull size-large loop-lightblue-header pos-absolute z-2\" style=\"margin-top:0;margin-bottom:0\"><img loading=\"lazy\" decoding=\"async\" width=\"1920\" height=\"1205\" src=\"https:\/\/circular.berlin\/wp-content\/uploads\/2025\/09\/Vector-1.svg\" alt=\"\" class=\"wp-image-11023\"\/><\/figure>\n<\/div>\n\n\n\n<div class=\"wp-block-columns alignwide is-layout-flex wp-container-core-columns-is-layout-eae17e81 wp-block-columns-is-layout-flex\" style=\"margin-top:var(--wp--preset--spacing--70);margin-bottom:var(--wp--preset--spacing--70)\">\n<div class=\"wp-block-column is-layout-flow wp-block-column-is-layout-flow\">\n<h2 class=\"wp-block-heading has-text-align-left\" style=\"margin-bottom:var(--wp--preset--spacing--50)\">Gemeinsam machen wir einen systemischen Wandel m\u00f6glich.<\/h2>\n<\/div>\n\n\n\n<div class=\"wp-block-column is-layout-flow wp-block-column-is-layout-flow\">\n<p>Ihr Engagement hilft:<\/p>\n\n\n\n<ul class=\"wp-block-list\">\n<li>Aufbau lokaler Kompetenzen und Kapazit\u00e4ten<\/li>\n\n\n\n<li>Ausweitung erfolgreicher Pilotprojekte auf die gesamte Stadt<\/li>\n\n\n\n<li>Politik und Investitionen informieren<\/li>\n\n\n\n<li>Ein regeneratives, ressourcenschonendes Berlin aufbauen<\/li>\n<\/ul>\n<\/div>\n<\/div>\n\n\n\n<div class=\"wp-block-columns alignwide is-layout-flex wp-container-core-columns-is-layout-28f84493 wp-block-columns-is-layout-flex\">\n<div class=\"wp-block-column is-vertically-aligned-top has-base-color has-accent-2-background-color has-text-color has-background has-link-color wp-elements-eb8f5ab5c74137b96e71abd556435614 is-layout-flow wp-container-core-column-is-layout-8a368f38 wp-block-column-is-layout-flow\" style=\"border-radius:15px\">\n<figure class=\"wp-block-image size-large\"><img loading=\"lazy\" decoding=\"async\" width=\"1024\" height=\"660\" src=\"https:\/\/circular.berlin\/wp-content\/uploads\/2025\/09\/getty-images-gmPM-G-AgxM-unsplash-1024x660.png\" alt=\"\" class=\"wp-image-10960\" srcset=\"https:\/\/circular.berlin\/wp-content\/uploads\/2025\/09\/getty-images-gmPM-G-AgxM-unsplash-1024x660.png 1024w, https:\/\/circular.berlin\/wp-content\/uploads\/2025\/09\/getty-images-gmPM-G-AgxM-unsplash-300x193.png 300w, https:\/\/circular.berlin\/wp-content\/uploads\/2025\/09\/getty-images-gmPM-G-AgxM-unsplash-768x495.png 768w, https:\/\/circular.berlin\/wp-content\/uploads\/2025\/09\/getty-images-gmPM-G-AgxM-unsplash-18x12.png 18w, https:\/\/circular.berlin\/wp-content\/uploads\/2025\/09\/getty-images-gmPM-G-AgxM-unsplash.png 1148w\" sizes=\"auto, (max-width: 1024px) 100vw, 1024px\" \/><\/figure>\n\n\n\n<div class=\"wp-block-group is-vertical is-layout-flex wp-container-core-group-is-layout-65a0f38b wp-block-group-is-layout-flex\" style=\"padding-top:var(--wp--preset--spacing--20);padding-right:var(--wp--preset--spacing--20);padding-bottom:var(--wp--preset--spacing--20);padding-left:var(--wp--preset--spacing--20)\">\n<h3 class=\"wp-block-heading\" style=\"font-style:normal;font-weight:600\"><strong>Mitglied werden<\/strong><\/h3>\n\n\n\n<p class=\"has-small-font-size\">Werde Teil von Berlins wachsendem zirkul\u00e4ren Netzwerk und unterst\u00fctze Gemeinschaftsprojekte und politische Prozesse.<\/p>\n\n\n\n<div class=\"wp-block-buttons is-layout-flex wp-block-buttons-is-layout-flex\">\n<div class=\"wp-block-button is-style-arrow-only is-style-arrow-only--1\"><a class=\"wp-block-button__link has-accent-1-background-color has-background wp-element-button\" style=\"padding-top:0;padding-right:0;padding-bottom:0;padding-left:0\">Mehr lesen<\/a><\/div>\n<\/div>\n<\/div>\n<\/div>\n\n\n\n<div class=\"wp-block-column is-vertically-aligned-stretch has-base-color has-accent-2-background-color has-text-color has-background has-link-color wp-elements-f58ec5db05c48f554f10688204c165b4 is-layout-flow wp-container-core-column-is-layout-8a368f38 wp-block-column-is-layout-flow\" style=\"border-radius:15px\">\n<figure class=\"wp-block-image size-large\"><img loading=\"lazy\" decoding=\"async\" width=\"1024\" height=\"660\" src=\"https:\/\/circular.berlin\/wp-content\/uploads\/2025\/09\/getty-images-gmPM-G-AgxM-unsplash-1024x660.png\" alt=\"\" class=\"wp-image-10960\" srcset=\"https:\/\/circular.berlin\/wp-content\/uploads\/2025\/09\/getty-images-gmPM-G-AgxM-unsplash-1024x660.png 1024w, https:\/\/circular.berlin\/wp-content\/uploads\/2025\/09\/getty-images-gmPM-G-AgxM-unsplash-300x193.png 300w, https:\/\/circular.berlin\/wp-content\/uploads\/2025\/09\/getty-images-gmPM-G-AgxM-unsplash-768x495.png 768w, https:\/\/circular.berlin\/wp-content\/uploads\/2025\/09\/getty-images-gmPM-G-AgxM-unsplash-18x12.png 18w, https:\/\/circular.berlin\/wp-content\/uploads\/2025\/09\/getty-images-gmPM-G-AgxM-unsplash.png 1148w\" sizes=\"auto, (max-width: 1024px) 100vw, 1024px\" \/><\/figure>\n\n\n\n<div class=\"wp-block-group has-global-padding is-layout-constrained wp-container-core-group-is-layout-c385debf wp-block-group-is-layout-constrained\" style=\"padding-top:var(--wp--preset--spacing--20);padding-right:var(--wp--preset--spacing--20);padding-bottom:var(--wp--preset--spacing--20);padding-left:var(--wp--preset--spacing--20)\">\n<h3 class=\"wp-block-heading\" style=\"font-style:normal;font-weight:600\"><strong>Partner mit uns<\/strong><\/h3>\n\n\n\n<p class=\"has-small-font-size\">Entwickeln Sie gemeinsam mit unserem Team Pilotprojekte, Forschungsprojekte oder ma\u00dfgeschneiderte Programme.<\/p>\n\n\n\n<div class=\"wp-block-buttons is-layout-flex wp-block-buttons-is-layout-flex\">\n<div class=\"wp-block-button is-style-arrow-only is-style-arrow-only--2\"><a class=\"wp-block-button__link has-accent-1-background-color has-background wp-element-button\" style=\"padding-top:0;padding-right:0;padding-bottom:0;padding-left:0\">Mehr lesen<\/a><\/div>\n<\/div>\n<\/div>\n<\/div>\n\n\n\n<div class=\"wp-block-column is-vertically-aligned-stretch has-base-color has-accent-2-background-color has-text-color has-background has-link-color wp-elements-e63d64d4b34f9006848e59da96c0f334 is-layout-flow wp-container-core-column-is-layout-8a368f38 wp-block-column-is-layout-flow\" style=\"border-radius:15px\">\n<figure class=\"wp-block-image size-large\"><img loading=\"lazy\" decoding=\"async\" width=\"1024\" height=\"660\" src=\"https:\/\/circular.berlin\/wp-content\/uploads\/2025\/09\/getty-images-gmPM-G-AgxM-unsplash-1024x660.png\" alt=\"\" class=\"wp-image-10960\" srcset=\"https:\/\/circular.berlin\/wp-content\/uploads\/2025\/09\/getty-images-gmPM-G-AgxM-unsplash-1024x660.png 1024w, https:\/\/circular.berlin\/wp-content\/uploads\/2025\/09\/getty-images-gmPM-G-AgxM-unsplash-300x193.png 300w, https:\/\/circular.berlin\/wp-content\/uploads\/2025\/09\/getty-images-gmPM-G-AgxM-unsplash-768x495.png 768w, https:\/\/circular.berlin\/wp-content\/uploads\/2025\/09\/getty-images-gmPM-G-AgxM-unsplash-18x12.png 18w, https:\/\/circular.berlin\/wp-content\/uploads\/2025\/09\/getty-images-gmPM-G-AgxM-unsplash.png 1148w\" sizes=\"auto, (max-width: 1024px) 100vw, 1024px\" \/><\/figure>\n\n\n\n<div class=\"wp-block-group has-global-padding is-layout-constrained wp-container-core-group-is-layout-c385debf wp-block-group-is-layout-constrained\" style=\"padding-top:var(--wp--preset--spacing--20);padding-right:var(--wp--preset--spacing--20);padding-bottom:var(--wp--preset--spacing--20);padding-left:var(--wp--preset--spacing--20)\">\n<h3 class=\"wp-block-heading\" style=\"font-style:normal;font-weight:600\"><strong>Schulung buchen<\/strong><\/h3>\n\n\n\n<p class=\"has-small-font-size\">Erweitern Sie Ihr Kreislaufwissen und bringen Sie neue Tools in Ihr Unternehmen oder Ihren Unterricht.<\/p>\n\n\n\n<div class=\"wp-block-buttons is-layout-flex wp-block-buttons-is-layout-flex\">\n<div class=\"wp-block-button is-style-arrow-only is-style-arrow-only--3\"><a class=\"wp-block-button__link has-accent-1-background-color has-background wp-element-button\" style=\"padding-top:0;padding-right:0;padding-bottom:0;padding-left:0\">Mehr lesen<\/a><\/div>\n<\/div>\n<\/div>\n<\/div>\n<\/div>\n\n\n\n<div style=\"height:50px\" aria-hidden=\"true\" class=\"wp-block-spacer\"><\/div>\n\n\n\n<div class=\"wp-block-buttons is-content-justification-center is-layout-flex wp-container-core-buttons-is-layout-a89b3969 wp-block-buttons-is-layout-flex\">\n<div class=\"wp-block-button is-style-big-blue is-style-big-blue--4\"><a class=\"wp-block-button__link wp-element-button\" href=\"https:\/\/circular.berlin\/de\/impact\/\">Erkunden Sie unsere Auswirkungen<\/a><\/div>\n<\/div>\n\n\n\n<div class=\"wp-block-group alignfull has-global-padding is-layout-constrained wp-block-group-is-layout-constrained\">\n<div style=\"height:50px\" aria-hidden=\"true\" class=\"wp-block-spacer\"><\/div>\n\n\n\n<h2 class=\"wp-block-heading has-text-align-center\" style=\"margin-top:var(--wp--preset--spacing--60);margin-bottom:var(--wp--preset--spacing--60)\">Mitglied werden<\/h2>\n\n\n\n<div class=\"wp-block-columns alignwide is-layout-flex wp-container-core-columns-is-layout-28f84493 wp-block-columns-is-layout-flex\">\n<div class=\"wp-block-column is-layout-flow wp-block-column-is-layout-flow\" style=\"flex-basis:25%\">\n<figure class=\"wp-block-image size-full\"><img decoding=\"async\" src=\"https:\/\/circular.berlin\/wp-content\/uploads\/2025\/09\/business-_-lightbulb-idea-thought-document-paper-page-hand-gesture_md.png\" alt=\"\" class=\"wp-image-10900\"\/><\/figure>\n\n\n\n<p class=\"has-small-font-size\">Gemeinschaft von Experten - direkter Zugang zu Praktikern und Mentoren<\/p>\n<\/div>\n\n\n\n<div class=\"wp-block-column is-layout-flow wp-block-column-is-layout-flow\" style=\"flex-basis:25%\">\n<figure class=\"wp-block-image size-full\"><img decoding=\"async\" src=\"https:\/\/circular.berlin\/wp-content\/uploads\/2025\/09\/Real-Estate-and-Architecture-_-roof-install-house-home-construction-ceiling-hand-gesture_md-1.png\" alt=\"\" class=\"wp-image-10897\"\/><\/figure>\n\n\n\n<p class=\"has-small-font-size\">Veranstaltungen nur f\u00fcr Mitglieder - ausgew\u00e4hlte Veranstaltungen zum Lernen, Austauschen und Kontakte kn\u00fcpfen<\/p>\n<\/div>\n\n\n\n<div class=\"wp-block-column is-layout-flow wp-block-column-is-layout-flow\" style=\"flex-basis:25%\">\n<figure class=\"wp-block-image size-full\"><img decoding=\"async\" src=\"https:\/\/circular.berlin\/wp-content\/uploads\/2025\/09\/education-and-training-_-learn-learning-study-geometry-hand-gesture-measure-measurement_md.png\" alt=\"\" class=\"wp-image-10901\"\/><\/figure>\n\n\n\n<p class=\"has-small-font-size\">Fr\u00fchzeitiger Projektzugang - seien Sie der Erste, der sich an Pilotprojekten und Kooperationen beteiligt<\/p>\n<\/div>\n\n\n\n<div class=\"wp-block-column is-layout-flow wp-block-column-is-layout-flow\" style=\"flex-basis:25%\">\n<figure class=\"wp-block-image size-full\"><img decoding=\"async\" src=\"https:\/\/circular.berlin\/wp-content\/uploads\/2025\/09\/ecology-_-trash-garbage-recycle-arrows-can-bin-bag_md.png\" alt=\"\" class=\"wp-image-10902\"\/><\/figure>\n\n\n\n<p class=\"has-small-font-size\">Sichtbarkeit und Austausch - pr\u00e4sentieren Sie Ihre Arbeit und wachsen Sie gemeinsam<\/p>\n<\/div>\n<\/div>\n\n\n\n<div style=\"height:27px\" aria-hidden=\"true\" class=\"wp-block-spacer\"><\/div>\n\n\n\n<div class=\"wp-block-buttons alignwide is-content-justification-center is-layout-flex wp-container-core-buttons-is-layout-a89b3969 wp-block-buttons-is-layout-flex\">\n<div class=\"wp-block-button has-custom-width wp-block-button__width-25 is-style-big-blue is-style-big-blue--5\"><a class=\"wp-block-button__link has-text-align-left wp-element-button\" href=\"https:\/\/circular.berlin\/de\/get-involved\/\" style=\"padding-top:var(--wp--preset--spacing--20);padding-right:var(--wp--preset--spacing--30);padding-bottom:var(--wp--preset--spacing--20);padding-left:var(--wp--preset--spacing--30);font-style:normal;font-weight:600\">Registrieren Sie sich<\/a><\/div>\n<\/div>\n\n\n\n<div style=\"height:50px\" aria-hidden=\"true\" class=\"wp-block-spacer\"><\/div>\n<\/div>\n\n\n\n<h2 class=\"wp-block-heading has-text-align-left\" style=\"margin-top:var(--wp--preset--spacing--60);margin-bottom:var(--wp--preset--spacing--60)\">Geschichten von Mitgliedern und Partnern<\/h2>\n\n\n\n<div class=\"wp-block-group alignfull program-slider glide has-global-padding is-layout-constrained wp-block-group-is-layout-constrained\" style=\"margin-bottom:var(--wp--preset--spacing--80)\">\n<script>\n\ndocument.addEventListener(\"DOMContentLoaded\", function () {\n  programSlider();\n});\n\nconst programSlider = () => {\n  const slides = document.querySelectorAll('.glide__slides li');\n  slides.forEach((el) => {\n    el.classList.add('glide__slide')\n  });\n\n  document.querySelector('.glide__track').setAttribute(\"data-glide-el\", \"track\");\n\n  new Glide('.glide', {\n    focusAt:'center',\n    type: 'carousel',\n    autoplay: 4000,\n    peek: 50,\n    gap: 50\n  }).mount()\n\n}\n\n<\/script>\n\n\n\n<div class=\"wp-block-group alignfull glide__track has-global-padding is-layout-constrained wp-block-group-is-layout-constrained\">\n<div class=\"wp-block-group alignwide glide__slides is-layout-flow wp-block-group-is-layout-flow\">\n<div class=\"wp-block-columns alignwide is-not-stacked-on-mobile glide__slide has-accent-4-background-color has-background is-layout-flex wp-container-core-columns-is-layout-87535699 wp-block-columns-is-layout-flex\" style=\"border-radius:15px;margin-top:0;margin-bottom:0;padding-top:0;padding-right:0;padding-bottom:0;padding-left:0\">\n<div class=\"wp-block-column is-vertically-aligned-bottom has-accent-4-background-color has-background is-layout-flow wp-block-column-is-layout-flow\" style=\"border-top-left-radius:15px;border-bottom-left-radius:15px;padding-top:var(--wp--preset--spacing--30);padding-right:var(--wp--preset--spacing--30);padding-bottom:var(--wp--preset--spacing--30);padding-left:var(--wp--preset--spacing--30)\">\n<blockquote class=\"wp-block-quote is-layout-flow wp-block-quote-is-layout-flow\">\n<p>\u201cDank Circular Berlin haben wir ...\u201c<\/p>\n<cite>Name, Organisation<\/cite><\/blockquote>\n<\/div>\n\n\n\n<div class=\"wp-block-column is-layout-flow wp-block-column-is-layout-flow\" style=\"border-top-right-radius:15px;border-bottom-right-radius:15px\">\n<figure class=\"wp-block-image size-large has-custom-border\"><img loading=\"lazy\" decoding=\"async\" width=\"1024\" height=\"683\" src=\"https:\/\/circular.berlin\/wp-content\/uploads\/2024\/10\/2BB_5972-1024x683.jpg\" alt=\"\" class=\"wp-image-10639\" style=\"border-top-right-radius:15px;border-bottom-right-radius:15px;aspect-ratio:4\/3;object-fit:cover\" srcset=\"https:\/\/circular.berlin\/wp-content\/uploads\/2024\/10\/2BB_5972-1024x683.jpg 1024w, https:\/\/circular.berlin\/wp-content\/uploads\/2024\/10\/2BB_5972-300x200.jpg 300w, https:\/\/circular.berlin\/wp-content\/uploads\/2024\/10\/2BB_5972-768x512.jpg 768w, https:\/\/circular.berlin\/wp-content\/uploads\/2024\/10\/2BB_5972-1536x1024.jpg 1536w, https:\/\/circular.berlin\/wp-content\/uploads\/2024\/10\/2BB_5972-18x12.jpg 18w, https:\/\/circular.berlin\/wp-content\/uploads\/2024\/10\/2BB_5972.jpg 1920w\" sizes=\"auto, (max-width: 1024px) 100vw, 1024px\" \/><\/figure>\n<\/div>\n<\/div>\n\n\n\n<div class=\"wp-block-columns alignwide is-not-stacked-on-mobile glide__slide has-accent-4-background-color has-background is-layout-flex wp-container-core-columns-is-layout-87535699 wp-block-columns-is-layout-flex\" style=\"border-radius:15px;margin-top:0;margin-bottom:0;padding-top:0;padding-right:0;padding-bottom:0;padding-left:0\">\n<div class=\"wp-block-column is-vertically-aligned-bottom has-accent-4-background-color has-background is-layout-flow wp-block-column-is-layout-flow\" style=\"border-top-left-radius:15px;border-bottom-left-radius:15px;padding-top:var(--wp--preset--spacing--30);padding-right:var(--wp--preset--spacing--30);padding-bottom:var(--wp--preset--spacing--30);padding-left:var(--wp--preset--spacing--30)\">\n<blockquote class=\"wp-block-quote is-layout-flow wp-block-quote-is-layout-flow\">\n<p>\u201cDank Circular Berlin haben wir ...\u201c<\/p>\n<cite>Name, Organisation<\/cite><\/blockquote>\n<\/div>\n\n\n\n<div class=\"wp-block-column is-layout-flow wp-block-column-is-layout-flow\" style=\"border-top-right-radius:15px;border-bottom-right-radius:15px\">\n<figure class=\"wp-block-image size-full has-custom-border\"><img loading=\"lazy\" decoding=\"async\" width=\"600\" height=\"878\" src=\"https:\/\/circular.berlin\/wp-content\/uploads\/2021\/05\/Laura-Llonch.jpg\" alt=\"\" class=\"wp-image-10725\" style=\"border-top-right-radius:15px;border-bottom-right-radius:15px;aspect-ratio:4\/3;object-fit:cover\" srcset=\"https:\/\/circular.berlin\/wp-content\/uploads\/2021\/05\/Laura-Llonch.jpg 600w, https:\/\/circular.berlin\/wp-content\/uploads\/2021\/05\/Laura-Llonch-205x300.jpg 205w, https:\/\/circular.berlin\/wp-content\/uploads\/2021\/05\/Laura-Llonch-8x12.jpg 8w\" sizes=\"auto, (max-width: 600px) 100vw, 600px\" \/><\/figure>\n<\/div>\n<\/div>\n\n\n\n<div class=\"wp-block-columns alignwide is-not-stacked-on-mobile glide__slide has-accent-4-background-color has-background is-layout-flex wp-container-core-columns-is-layout-87535699 wp-block-columns-is-layout-flex\" style=\"border-radius:15px;margin-top:0;margin-bottom:0;padding-top:0;padding-right:0;padding-bottom:0;padding-left:0\">\n<div class=\"wp-block-column is-vertically-aligned-bottom has-accent-4-background-color has-background is-layout-flow wp-block-column-is-layout-flow\" style=\"border-top-left-radius:15px;border-bottom-left-radius:15px;padding-top:var(--wp--preset--spacing--30);padding-right:var(--wp--preset--spacing--30);padding-bottom:var(--wp--preset--spacing--30);padding-left:var(--wp--preset--spacing--30)\">\n<blockquote class=\"wp-block-quote is-layout-flow wp-block-quote-is-layout-flow\">\n<p>\u201cDank Circular Berlin haben wir ...\u201c<\/p>\n<cite>Name, Organisation<\/cite><\/blockquote>\n<\/div>\n\n\n\n<div class=\"wp-block-column is-layout-flow wp-block-column-is-layout-flow\" style=\"border-top-right-radius:15px;border-bottom-right-radius:15px\">\n<figure class=\"wp-block-image size-large has-custom-border\"><img loading=\"lazy\" decoding=\"async\" width=\"1024\" height=\"660\" src=\"https:\/\/circular.berlin\/wp-content\/uploads\/2025\/09\/getty-images-gmPM-G-AgxM-unsplash-1024x660.png\" alt=\"\" class=\"wp-image-10960\" style=\"border-top-right-radius:15px;border-bottom-right-radius:15px;aspect-ratio:4\/3;object-fit:cover\" srcset=\"https:\/\/circular.berlin\/wp-content\/uploads\/2025\/09\/getty-images-gmPM-G-AgxM-unsplash-1024x660.png 1024w, https:\/\/circular.berlin\/wp-content\/uploads\/2025\/09\/getty-images-gmPM-G-AgxM-unsplash-300x193.png 300w, https:\/\/circular.berlin\/wp-content\/uploads\/2025\/09\/getty-images-gmPM-G-AgxM-unsplash-768x495.png 768w, https:\/\/circular.berlin\/wp-content\/uploads\/2025\/09\/getty-images-gmPM-G-AgxM-unsplash-18x12.png 18w, https:\/\/circular.berlin\/wp-content\/uploads\/2025\/09\/getty-images-gmPM-G-AgxM-unsplash.png 1148w\" sizes=\"auto, (max-width: 1024px) 100vw, 1024px\" \/><\/figure>\n<\/div>\n<\/div>\n<\/div>\n<\/div>\n<\/div>\n\n\n\n<div class=\"wp-block-group alignfull has-contrast-color has-accent-3-background-color has-text-color has-background has-link-color wp-elements-df8ea598951e9ca5872646f9f98f266e has-global-padding is-layout-constrained wp-container-core-group-is-layout-c816cdf9 wp-block-group-is-layout-constrained\" style=\"margin-top:0;margin-bottom:0;padding-top:var(--wp--preset--spacing--40);padding-right:var(--wp--preset--spacing--40);padding-bottom:var(--wp--preset--spacing--40);padding-left:var(--wp--preset--spacing--40);background-image:url(&apos;https:\/\/circular.berlin\/wp-content\/uploads\/2025\/09\/Mask-group.svg&apos;);background-size:cover;\">\n<div class=\"wp-block-group alignwide has-global-padding is-content-justification-left is-layout-constrained wp-container-core-group-is-layout-1ad27c61 wp-block-group-is-layout-constrained\" style=\"padding-right:0;padding-left:0\">\n<h2 class=\"wp-block-heading alignwide\" style=\"margin-top:0;margin-right:0;margin-bottom:0;margin-left:0\">Bleib verbunden mit Berlins zirkul\u00e4rer Bewegung.<\/h2>\n\n\n\n<div class=\"wp-block-group alignwide has-global-padding is-content-justification-left is-layout-constrained wp-container-core-group-is-layout-e53329e3 wp-block-group-is-layout-constrained\" style=\"padding-top:0;padding-right:0;padding-bottom:0;padding-left:0\">\n<p class=\"has-medium-font-size\" style=\"margin-bottom:var(--wp--preset--spacing--50)\">Erhalte frische Einblicke, Veranstaltungstipps und neue M\u00f6glichkeiten aus der ganzen Stadt.\nUnser Newsletter bringt dich mit den Menschen und Projekten zusammen, die Berlins Wandel gestalten.<\/p>\n\n\n\n<!-- Begin Mailchimp Signup Form -->\n<div id=\"mailchimp\">\n    <form action=\"https:\/\/berlin.us20.list-manage.com\/subscribe\/post?u=f7b2118034341f381d4269460&amp;id=7eab20789e\" method=\"post\" id=\"mc-embedded-subscribe-form\" name=\"mc-embedded-subscribe-form\" class=\"validate\" target=\"_blank\" novalidate>\n        <div id=\"mc_embed_signup_scroll\">\n            <div style=\"position: absolute; left: -5000px;\" aria-hidden=\"true\"><input type=\"text\" name=\"b_f7b2118034341f381d4269460_7eab20789e\" tabindex=\"-1\" value=\"\"><\/div>\n            <div class=\"mc-field-group\">\n                <input type=\"email\" name=\"EMAIL\" class=\"required email\" id=\"mce-EMAIL\" placeholder=\"E-Mail\">\n                <input type=\"submit\" value=\"Abonnieren\" name=\"subscribe\" id=\"mc-embedded-subscribe\" class=\"wp-block-button__link has-contrast-color has-base-background-color has-text-color has-background has-link-color wp-element-button\" style=\"padding-top:var(--wp--preset--spacing--20);padding-right:var(--wp--preset--spacing--30);padding-bottom:var(--wp--preset--spacing--20);padding-left:var(--wp--preset--spacing--30)\">\n            <\/div>\n\n            <div id=\"mce-responses\" class=\"clear\">\n                <div class=\"response\" id=\"mce-error-response\" style=\"display:none\"><\/div>\n                <div class=\"response\" id=\"mce-success-response\" style=\"display:none\"><\/div>\n            <\/div>\n\n        <\/div>\n    <\/form>\n<\/div>\n\n<!--End mc_embed_signup-->\n<\/div>\n<\/div>\n<\/div>","protected":false},"excerpt":{"rendered":"<p>Circular change starts with you. Whether you\u2019re an individual, a company, or a public institution, you have a role to play in building a circular Berlin. Join us to connect, collaborate, and take part in projects that turn ideas into practice and visions into real solutions. Together, we make systemic change possible. Your involvement helps: [&hellip;]<\/p>\n","protected":false},"author":27,"featured_media":0,"parent":0,"menu_order":0,"comment_status":"closed","ping_status":"closed","template":"page-no-title","meta":{"_acf_changed":false,"footnotes":""},"unit":[],"class_list":["post-11097","page","type-page","status-publish","hentry"],"acf":[],"yoast_head":"<!-- This site is optimized with the Yoast SEO plugin v27.5 - https:\/\/yoast.com\/product\/yoast-seo-wordpress\/ -->\n<title>Get involved - Circular Berlin<\/title>\n<meta name=\"robots\" content=\"index, follow, max-snippet:-1, max-image-preview:large, max-video-preview:-1\" \/>\n<link rel=\"canonical\" href=\"https:\/\/circular.berlin\/de\/get-involved\/\" \/>\n<meta property=\"og:locale\" content=\"de_DE\" \/>\n<meta property=\"og:type\" content=\"article\" \/>\n<meta property=\"og:title\" content=\"Get involved - Circular Berlin\" \/>\n<meta property=\"og:description\" content=\"Circular change starts with you. Whether you\u2019re an individual, a company, or a public institution, you have a role to play in building a circular Berlin. Join us to connect, collaborate, and take part in projects that turn ideas into practice and visions into real solutions. Together, we make systemic change possible. Your involvement helps: [&hellip;]\" \/>\n<meta property=\"og:url\" content=\"https:\/\/circular.berlin\/de\/get-involved\/\" \/>\n<meta property=\"og:site_name\" content=\"Circular Berlin\" \/>\n<meta property=\"article:publisher\" content=\"https:\/\/www.facebook.com\/circularBerlin\" \/>\n<meta property=\"article:modified_time\" content=\"2025-12-01T11:10:42+00:00\" \/>\n<meta property=\"og:image\" content=\"https:\/\/circular.berlin\/wp-content\/uploads\/2025\/09\/filipe-varela-1AfnsepVhJQ-unsplash-1.jpg\" \/>\n\t<meta property=\"og:image:width\" content=\"1920\" \/>\n\t<meta property=\"og:image:height\" content=\"1091\" \/>\n\t<meta property=\"og:image:type\" content=\"image\/jpeg\" \/>\n<meta name=\"twitter:card\" content=\"summary_large_image\" \/>\n<meta name=\"twitter:label1\" content=\"Gesch\u00e4tzte Lesezeit\" \/>\n\t<meta name=\"twitter:data1\" content=\"4\u00a0Minuten\" \/>\n<script type=\"application\/ld+json\" class=\"yoast-schema-graph\">{\"@context\":\"https:\\\/\\\/schema.org\",\"@graph\":[{\"@type\":\"WebPage\",\"@id\":\"https:\\\/\\\/circular.berlin\\\/get-involved\\\/\",\"url\":\"https:\\\/\\\/circular.berlin\\\/get-involved\\\/\",\"name\":\"Get involved - Circular Berlin\",\"isPartOf\":{\"@id\":\"https:\\\/\\\/circular.berlin\\\/#website\"},\"primaryImageOfPage\":{\"@id\":\"https:\\\/\\\/circular.berlin\\\/get-involved\\\/#primaryimage\"},\"image\":{\"@id\":\"https:\\\/\\\/circular.berlin\\\/get-involved\\\/#primaryimage\"},\"thumbnailUrl\":\"https:\\\/\\\/circular.berlin\\\/wp-content\\\/uploads\\\/2025\\\/09\\\/filipe-varela-1AfnsepVhJQ-unsplash-1-1024x582.jpg\",\"datePublished\":\"2025-09-09T09:51:45+00:00\",\"dateModified\":\"2025-12-01T11:10:42+00:00\",\"breadcrumb\":{\"@id\":\"https:\\\/\\\/circular.berlin\\\/get-involved\\\/#breadcrumb\"},\"inLanguage\":\"de\",\"potentialAction\":[{\"@type\":\"ReadAction\",\"target\":[\"https:\\\/\\\/circular.berlin\\\/get-involved\\\/\"]}]},{\"@type\":\"ImageObject\",\"inLanguage\":\"de\",\"@id\":\"https:\\\/\\\/circular.berlin\\\/get-involved\\\/#primaryimage\",\"url\":\"https:\\\/\\\/circular.berlin\\\/wp-content\\\/uploads\\\/2025\\\/09\\\/filipe-varela-1AfnsepVhJQ-unsplash-1-1024x582.jpg\",\"contentUrl\":\"https:\\\/\\\/circular.berlin\\\/wp-content\\\/uploads\\\/2025\\\/09\\\/filipe-varela-1AfnsepVhJQ-unsplash-1-1024x582.jpg\"},{\"@type\":\"BreadcrumbList\",\"@id\":\"https:\\\/\\\/circular.berlin\\\/get-involved\\\/#breadcrumb\",\"itemListElement\":[{\"@type\":\"ListItem\",\"position\":1,\"name\":\"Home\",\"item\":\"https:\\\/\\\/circular.berlin\\\/\"},{\"@type\":\"ListItem\",\"position\":2,\"name\":\"Get involved\"}]},{\"@type\":\"WebSite\",\"@id\":\"https:\\\/\\\/circular.berlin\\\/#website\",\"url\":\"https:\\\/\\\/circular.berlin\\\/\",\"name\":\"Circular Berlin\",\"description\":\"Accelerating Berlin\u2019s transition towards a circular city.\",\"publisher\":{\"@id\":\"https:\\\/\\\/circular.berlin\\\/#organization\"},\"potentialAction\":[{\"@type\":\"SearchAction\",\"target\":{\"@type\":\"EntryPoint\",\"urlTemplate\":\"https:\\\/\\\/circular.berlin\\\/?s={search_term_string}\"},\"query-input\":{\"@type\":\"PropertyValueSpecification\",\"valueRequired\":true,\"valueName\":\"search_term_string\"}}],\"inLanguage\":\"de\"},{\"@type\":\"Organization\",\"@id\":\"https:\\\/\\\/circular.berlin\\\/#organization\",\"name\":\"Circular Berlin\",\"url\":\"https:\\\/\\\/circular.berlin\\\/\",\"logo\":{\"@type\":\"ImageObject\",\"inLanguage\":\"de\",\"@id\":\"https:\\\/\\\/circular.berlin\\\/#\\\/schema\\\/logo\\\/image\\\/\",\"url\":\"https:\\\/\\\/circular.berlin\\\/wp-content\\\/uploads\\\/2026\\\/02\\\/CB_Logo.svg\",\"contentUrl\":\"https:\\\/\\\/circular.berlin\\\/wp-content\\\/uploads\\\/2026\\\/02\\\/CB_Logo.svg\",\"width\":452,\"height\":58,\"caption\":\"Circular Berlin\"},\"image\":{\"@id\":\"https:\\\/\\\/circular.berlin\\\/#\\\/schema\\\/logo\\\/image\\\/\"},\"sameAs\":[\"https:\\\/\\\/www.facebook.com\\\/circularBerlin\"]}]}<\/script>\n<!-- \/ Yoast SEO plugin. -->","yoast_head_json":{"title":"Get involved - Circular Berlin","robots":{"index":"index","follow":"follow","max-snippet":"max-snippet:-1","max-image-preview":"max-image-preview:large","max-video-preview":"max-video-preview:-1"},"canonical":"https:\/\/circular.berlin\/de\/get-involved\/","og_locale":"de_DE","og_type":"article","og_title":"Get involved - Circular Berlin","og_description":"Circular change starts with you. Whether you\u2019re an individual, a company, or a public institution, you have a role to play in building a circular Berlin. Join us to connect, collaborate, and take part in projects that turn ideas into practice and visions into real solutions. Together, we make systemic change possible. Your involvement helps: [&hellip;]","og_url":"https:\/\/circular.berlin\/de\/get-involved\/","og_site_name":"Circular Berlin","article_publisher":"https:\/\/www.facebook.com\/circularBerlin","article_modified_time":"2025-12-01T11:10:42+00:00","og_image":[{"width":1920,"height":1091,"url":"https:\/\/circular.berlin\/wp-content\/uploads\/2025\/09\/filipe-varela-1AfnsepVhJQ-unsplash-1.jpg","type":"image\/jpeg"}],"twitter_card":"summary_large_image","twitter_misc":{"Gesch\u00e4tzte Lesezeit":"4\u00a0Minuten"},"schema":{"@context":"https:\/\/schema.org","@graph":[{"@type":"WebPage","@id":"https:\/\/circular.berlin\/get-involved\/","url":"https:\/\/circular.berlin\/get-involved\/","name":"Get involved - Circular Berlin","isPartOf":{"@id":"https:\/\/circular.berlin\/#website"},"primaryImageOfPage":{"@id":"https:\/\/circular.berlin\/get-involved\/#primaryimage"},"image":{"@id":"https:\/\/circular.berlin\/get-involved\/#primaryimage"},"thumbnailUrl":"https:\/\/circular.berlin\/wp-content\/uploads\/2025\/09\/filipe-varela-1AfnsepVhJQ-unsplash-1-1024x582.jpg","datePublished":"2025-09-09T09:51:45+00:00","dateModified":"2025-12-01T11:10:42+00:00","breadcrumb":{"@id":"https:\/\/circular.berlin\/get-involved\/#breadcrumb"},"inLanguage":"de","potentialAction":[{"@type":"ReadAction","target":["https:\/\/circular.berlin\/get-involved\/"]}]},{"@type":"ImageObject","inLanguage":"de","@id":"https:\/\/circular.berlin\/get-involved\/#primaryimage","url":"https:\/\/circular.berlin\/wp-content\/uploads\/2025\/09\/filipe-varela-1AfnsepVhJQ-unsplash-1-1024x582.jpg","contentUrl":"https:\/\/circular.berlin\/wp-content\/uploads\/2025\/09\/filipe-varela-1AfnsepVhJQ-unsplash-1-1024x582.jpg"},{"@type":"BreadcrumbList","@id":"https:\/\/circular.berlin\/get-involved\/#breadcrumb","itemListElement":[{"@type":"ListItem","position":1,"name":"Home","item":"https:\/\/circular.berlin\/"},{"@type":"ListItem","position":2,"name":"Get involved"}]},{"@type":"WebSite","@id":"https:\/\/circular.berlin\/#website","url":"https:\/\/circular.berlin\/","name":"Rundschreiben Berlin","description":"Beschleunigung des \u00dcbergangs Berlins zu einer kreisf\u00f6rmigen Stadt.","publisher":{"@id":"https:\/\/circular.berlin\/#organization"},"potentialAction":[{"@type":"SearchAction","target":{"@type":"EntryPoint","urlTemplate":"https:\/\/circular.berlin\/?s={search_term_string}"},"query-input":{"@type":"PropertyValueSpecification","valueRequired":true,"valueName":"search_term_string"}}],"inLanguage":"de"},{"@type":"Organization","@id":"https:\/\/circular.berlin\/#organization","name":"Rundschreiben Berlin","url":"https:\/\/circular.berlin\/","logo":{"@type":"ImageObject","inLanguage":"de","@id":"https:\/\/circular.berlin\/#\/schema\/logo\/image\/","url":"https:\/\/circular.berlin\/wp-content\/uploads\/2026\/02\/CB_Logo.svg","contentUrl":"https:\/\/circular.berlin\/wp-content\/uploads\/2026\/02\/CB_Logo.svg","width":452,"height":58,"caption":"Circular Berlin"},"image":{"@id":"https:\/\/circular.berlin\/#\/schema\/logo\/image\/"},"sameAs":["https:\/\/www.facebook.com\/circularBerlin"]}]}},"_links":{"self":[{"href":"https:\/\/circular.berlin\/de\/wp-json\/wp\/v2\/pages\/11097","targetHints":{"allow":["GET"]}}],"collection":[{"href":"https:\/\/circular.berlin\/de\/wp-json\/wp\/v2\/pages"}],"about":[{"href":"https:\/\/circular.berlin\/de\/wp-json\/wp\/v2\/types\/page"}],"author":[{"embeddable":true,"href":"https:\/\/circular.berlin\/de\/wp-json\/wp\/v2\/users\/27"}],"replies":[{"embeddable":true,"href":"https:\/\/circular.berlin\/de\/wp-json\/wp\/v2\/comments?post=11097"}],"version-history":[{"count":17,"href":"https:\/\/circular.berlin\/de\/wp-json\/wp\/v2\/pages\/11097\/revisions"}],"predecessor-version":[{"id":11937,"href":"https:\/\/circular.berlin\/de\/wp-json\/wp\/v2\/pages\/11097\/revisions\/11937"}],"wp:attachment":[{"href":"https:\/\/circular.berlin\/de\/wp-json\/wp\/v2\/media?parent=11097"}],"wp:term":[{"taxonomy":"unit","embeddable":true,"href":"https:\/\/circular.berlin\/de\/wp-json\/wp\/v2\/unit?post=11097"}],"curies":[{"name":"wp","href":"https:\/\/api.w.org\/{rel}","templated":true}]}}